{"id":679,"date":"2020-12-14T09:42:56","date_gmt":"2020-12-14T06:42:56","guid":{"rendered":"https:\/\/webrandizer.com\/tr\/?page_id=679"},"modified":"2024-11-15T07:32:14","modified_gmt":"2024-11-15T04:32:14","slug":"sosyal-medya-yonetimi","status":"publish","type":"page","link":"https:\/\/webrandizer.com\/tr\/cevrimici-varlik-yonetimi\/sosyal-medya-yonetimi\/","title":{"rendered":"Sosyal Medya Y\u00f6netimi"},"content":{"rendered":"\n<h2 class=\"wp-block-heading has-text-align-center\">Profesyonel Sosyal Medya Y\u00f6netimi Neden Gereklidir?<\/h2>\n\n\n\n<div class=\"wp-block-group\"><div class=\"wp-block-group__inner-container is-layout-constrained wp-block-group-is-layout-constrained\">\n<div style=\"height:10px\" aria-hidden=\"true\" class=\"wp-block-spacer\"><\/div>\n\n\n\n<p class=\"has-text-align-center has-medium-font-size\">Sosyal medya y\u00f6netimi, dijital \u00e7a\u011fda markalar\u0131n \u00e7evrimi\u00e7i g\u00f6r\u00fcn\u00fcrl\u00fc\u011f\u00fcn\u00fc art\u0131rmak, m\u00fc\u015fteri sadakati olu\u015fturmak ve hedef kitleye etkin bir \u015fekilde ula\u015fmak i\u00e7in kritik bir \u00f6neme sahiptir. Sosyal medya hesaplar\u0131n\u0131z, profesyonel hesap y\u00f6neticilerinin elinde, do\u011fru stratejilerle y\u00f6netildi\u011finde, markan\u0131z\u0131n bilinirli\u011fini art\u0131r\u0131r, kullan\u0131c\u0131larla do\u011frudan etkile\u015fim kurman\u0131za olanak tan\u0131r ve sad\u0131k bir m\u00fc\u015fteri taban\u0131 olu\u015fturman\u0131za yard\u0131mc\u0131 olur. Bu, markan\u0131z\u0131n \u00e7evrimi\u00e7i d\u00fcnyada etkili bir varl\u0131k g\u00f6stermesini sa\u011flayacak ve rekabet avantaj\u0131n\u0131 g\u00fc\u00e7lendirecektir.<\/p>\n\n\n\n<div style=\"height:10px\" aria-hidden=\"true\" class=\"wp-block-spacer\"><\/div>\n\n\n\n<hr class=\"wp-block-separator has-css-opacity is-style-default\"\/>\n<\/div><\/div>\n\n\n\n<div class=\"wp-block-columns are-vertically-aligned-center is-layout-flex wp-container-core-columns-is-layout-9d6595d7 wp-block-columns-is-layout-flex\">\n<div class=\"wp-block-column is-vertically-aligned-center kutu1 is-layout-flow wp-block-column-is-layout-flow\">\n<div class=\"wp-block-columns has-background is-layout-flex wp-container-core-columns-is-layout-9d6595d7 wp-block-columns-is-layout-flex\" style=\"background-color:#f6f6f6\">\n<div class=\"wp-block-column is-vertically-aligned-center is-layout-flow wp-block-column-is-layout-flow\" style=\"flex-basis:20%\">\n<figure class=\"wp-block-image size-large\"><img loading=\"lazy\" decoding=\"async\" width=\"821\" height=\"579\" src=\"https:\/\/webrandizer.com\/tr\/wp-content\/uploads\/sites\/2\/2024\/10\/sosyal-medya-yonetimi-stratejik-icerik-planlamasi.svg\" alt=\"Webrandizer\u2019\u0131n profesyonel ekibi, markan\u0131z\u0131n hedef kitlesine uygun bir i\u00e7erik stratejisi belirler ve bu stratejiyi uygulamak i\u00e7in marka kimli\u011finize uygun, d\u00fczenli ve tutarl\u0131 i\u00e7erik planlamas\u0131 yapar. \" class=\"wp-image-2751\"\/><\/figure>\n<\/div>\n\n\n\n<div class=\"wp-block-column is-layout-flow wp-block-column-is-layout-flow\"><\/div>\n\n\n\n<div class=\"wp-block-column is-vertically-aligned-center is-layout-flow wp-block-column-is-layout-flow\" style=\"flex-basis:80%\">\n<h3 class=\"wp-block-heading has-text-align-center baslikcan\" style=\"font-size:24px\"><strong>Stratejik \u0130\u00e7erik Planlamas\u0131 ve Tutarl\u0131l\u0131k<\/strong><\/h3>\n\n\n\n<p class=\"has-text-align-center\">Webrandizer&#8217;\u0131n profesyonel ekibi, sosyal medya hesaplar\u0131n\u0131z i\u00e7in markan\u0131z\u0131n hedef kitlesine uygun i\u00e7erik stratejileri belirler ve bu stratejileri uygulamak i\u00e7in marka kimli\u011finize uygun, d\u00fczenli ve tutarl\u0131 i\u00e7erik planlamas\u0131 yapar. Tutarl\u0131l\u0131k, markan\u0131z\u0131n s\u00fcrekli olarak g\u00f6r\u00fcn\u00fcr olmas\u0131n\u0131 ve kullan\u0131c\u0131lar \u00fczerinde g\u00fcven yaratmas\u0131n\u0131 sa\u011flar. Plans\u0131z ve d\u00fczensiz payla\u015f\u0131mlar yerine, stratejik bir yol haritas\u0131 izleyerek hedeflerinize ula\u015fman\u0131z\u0131 kolayla\u015ft\u0131r\u0131r.<\/p>\n<\/div>\n<\/div>\n\n\n\n<div class=\"wp-block-columns d-none d-sm-flex is-layout-flex wp-container-core-columns-is-layout-9d6595d7 wp-block-columns-is-layout-flex\">\n<div class=\"wp-block-column is-vertically-aligned-center is-layout-flow wp-block-column-is-layout-flow\" style=\"flex-basis:80%\">\n<h3 class=\"wp-block-heading has-text-align-center baslikcan\" style=\"font-size:24px\">Algoritma De\u011fi\u015fikliklerine Uyum<\/h3>\n\n\n\n<p class=\"has-text-align-center\">Sosyal medya platformlar\u0131ndaki algoritmalar s\u00fcrekli de\u011fi\u015fiyor ve bu de\u011fi\u015fimlere ayak uydurmak olduk\u00e7a zor olabiliyor. Webrandizer\u2019\u0131n profesyonel ekibi, sosyal medya platformlar\u0131n\u0131n algoritma de\u011fi\u015fikliklerini yak\u0131ndan takip ederek ve sosyal medya y\u00f6netim stratejilerini yeni geli\u015fmelere g\u00f6re g\u00fcnceller. Bu sayede, algoritma de\u011fi\u015fikliklerinin olumsuz etkilerinden ka\u00e7\u0131narak s\u00fcrekli olarak iyi performans sergileyen i\u00e7erikler \u00fcretiyoruz.<\/p>\n<\/div>\n\n\n\n<div class=\"wp-block-column is-vertically-aligned-center is-layout-flow wp-block-column-is-layout-flow\" style=\"flex-basis:20%\">\n<figure class=\"wp-block-image size-large\"><img loading=\"lazy\" decoding=\"async\" width=\"676\" height=\"577\" src=\"https:\/\/webrandizer.com\/tr\/wp-content\/uploads\/sites\/2\/2024\/10\/sosyal-medya-yonetimi-algoritma-degisikliklerine-uyum.svg\" alt=\"Webrandizer\u2019\u0131n profesyonel ekibi, sosyal medya platformlar\u0131n\u0131n algoritma de\u011fi\u015fikliklerini yak\u0131ndan takip ederek ve sosyal medya y\u00f6netim stratejilerini yeni geli\u015fmelere g\u00f6re g\u00fcnceller. \" class=\"wp-image-2756\"\/><\/figure>\n<\/div>\n<\/div>\n\n\n\n<div class=\"wp-block-columns d-block d-sm-none is-layout-flex wp-container-core-columns-is-layout-9d6595d7 wp-block-columns-is-layout-flex\">\n<div class=\"wp-block-column is-vertically-aligned-center is-layout-flow wp-block-column-is-layout-flow\" style=\"flex-basis:20%\">\n<figure class=\"wp-block-image size-large\"><img loading=\"lazy\" decoding=\"async\" width=\"676\" height=\"577\" src=\"https:\/\/webrandizer.com\/tr\/wp-content\/uploads\/sites\/2\/2024\/10\/sosyal-medya-yonetimi-algoritma-degisikliklerine-uyum.svg\" alt=\"\" class=\"wp-image-2756\"\/><\/figure>\n<\/div>\n\n\n\n<div class=\"wp-block-column is-vertically-aligned-center is-layout-flow wp-block-column-is-layout-flow\" style=\"flex-basis:80%\">\n<h3 class=\"wp-block-heading has-text-align-center baslikcan\" style=\"font-size:24px\">Algoritma De\u011fi\u015fikliklerine Uyum<\/h3>\n\n\n\n<p class=\"has-text-align-center\">Sosyal medya platformlar\u0131ndaki algoritmalar s\u00fcrekli de\u011fi\u015fiyor ve bu de\u011fi\u015fimlere ayak uydurmak olduk\u00e7a zor olabiliyor. Webrandizer\u2019\u0131n profesyonel ekibi, sosyal medya platformlar\u0131n\u0131n algoritma de\u011fi\u015fikliklerini yak\u0131ndan takip ederek ve sosyal medya y\u00f6netim stratejilerini yeni geli\u015fmelere g\u00f6re g\u00fcnceller. Bu sayede, algoritma de\u011fi\u015fikliklerinin olumsuz etkilerinden ka\u00e7\u0131narak s\u00fcrekli olarak iyi performans sergileyen i\u00e7erikler \u00fcretiyoruz.<\/p>\n<\/div>\n<\/div>\n\n\n\n<div class=\"wp-block-columns has-background is-layout-flex wp-container-core-columns-is-layout-9d6595d7 wp-block-columns-is-layout-flex\" style=\"background-color:#f6f6f6\">\n<div class=\"wp-block-column is-vertically-aligned-center is-layout-flow wp-block-column-is-layout-flow\" style=\"flex-basis:20%\">\n<figure class=\"wp-block-image size-full\"><img loading=\"lazy\" decoding=\"async\" width=\"562\" height=\"486\" src=\"https:\/\/webrandizer.com\/tr\/wp-content\/uploads\/sites\/2\/2024\/10\/sosyal-medya-yonetimi-etkilesim-ve-kriz-yonetimi.svg\" alt=\"Profesyonel bir sosyal medya y\u00f6netiminde, kullan\u0131c\u0131larla aktif bir \u015fekilde etkile\u015fim kurularak, onlar\u0131n marka ba\u011fl\u0131l\u0131\u011f\u0131n\u0131 artt\u0131r\u0131l\u0131r. Ayn\u0131 zamanda kriz durumlar\u0131nda profesyonel bir yakla\u015f\u0131mla durum h\u0131zl\u0131ca kontrol alt\u0131na al\u0131n\u0131r, olumsuz yorumlar en aza indirilir ve markan\u0131z\u0131n itibar\u0131n\u0131 korunur.\" class=\"wp-image-2754\"\/><\/figure>\n<\/div>\n\n\n\n<div class=\"wp-block-column is-vertically-aligned-center is-layout-flow wp-block-column-is-layout-flow\" style=\"flex-basis:80%\">\n<h3 class=\"wp-block-heading has-text-align-center baslikcan\" style=\"font-size:24px\">Daha Y\u00fcksek Etkile\u015fim ve Kriz Y\u00f6netimi<\/h3>\n\n\n\n<p class=\"has-text-align-center\">Profesyonel bir sosyal medya y\u00f6netiminde, kullan\u0131c\u0131larla aktif bir \u015fekilde etkile\u015fim kurularak, onlar\u0131n marka ba\u011fl\u0131l\u0131\u011f\u0131n\u0131 artt\u0131r\u0131l\u0131r. Yorumlara, mesajlara ve etkile\u015fimlere h\u0131zl\u0131 ve etkili yan\u0131tlar verilerek kullan\u0131c\u0131lar\u0131n markan\u0131zla olan ili\u015fkisi g\u00fc\u00e7lendirilir. Ayn\u0131 zamanda kriz durumlar\u0131nda profesyonel bir yakla\u015f\u0131mla durum h\u0131zl\u0131ca kontrol alt\u0131na al\u0131n\u0131r, olumsuz yorumlar en aza indirilir ve markan\u0131z\u0131n itibar\u0131n\u0131 korunur.<\/p>\n<\/div>\n<\/div>\n\n\n\n<div class=\"wp-block-columns d-none d-sm-flex is-layout-flex wp-container-core-columns-is-layout-9d6595d7 wp-block-columns-is-layout-flex\">\n<div class=\"wp-block-column is-vertically-aligned-center is-layout-flow wp-block-column-is-layout-flow\" style=\"flex-basis:80%\">\n<h3 class=\"wp-block-heading has-text-align-center baslikcan\" style=\"font-size:24px\"><strong>\u0130leri Seviye Reklam Y\u00f6netimi<\/strong><\/h3>\n\n\n\n<p class=\"has-text-align-center\">Sosyal medya reklamlar\u0131, do\u011fru kurguland\u0131\u011f\u0131nda markan\u0131z\u0131 geni\u015f kitlelere tan\u0131tmak i\u00e7in etkili bir ara\u00e7t\u0131r. Webrandizer&#8217;\u0131n profesyonel ekibi, sosyal medya reklamlar\u0131n\u0131z i\u00e7in hedef kitle belirleme, b\u00fct\u00e7e optimizasyonu, A\/B testleri ve reklam performans analizleri gibi karma\u015f\u0131k s\u00fcre\u00e7leri y\u00f6netir. Bu sayede, reklam kampanyalar\u0131n\u0131z\u0131n d\u00f6n\u00fc\u015f\u00fcm oran\u0131 y\u00fckselir ve pazarlama b\u00fct\u00e7eniz daha verimli kullan\u0131l\u0131r.<\/p>\n<\/div>\n\n\n\n<div class=\"wp-block-column is-vertically-aligned-center is-layout-flow wp-block-column-is-layout-flow\" style=\"flex-basis:20%\">\n<figure class=\"wp-block-image size-large\"><img loading=\"lazy\" decoding=\"async\" width=\"671\" height=\"517\" src=\"https:\/\/webrandizer.com\/tr\/wp-content\/uploads\/sites\/2\/2024\/10\/sosyal-medya-ileri-seviye-reklam-yonetimi.svg\" alt=\"Sosyal medya reklamlar\u0131, do\u011fru kurguland\u0131\u011f\u0131nda markan\u0131z\u0131 geni\u015f kitlelere tan\u0131tmak i\u00e7in etkili bir ara\u00e7t\u0131r. Webrandizer\u2019\u0131n profesyonel ekibi, sosyal medya reklamlar\u0131n\u0131z i\u00e7in hedef kitle belirleme, b\u00fct\u00e7e optimizasyonu, A\/B testleri ve reklam performans analizleri gibi karma\u015f\u0131k s\u00fcre\u00e7leri y\u00f6netir. \" class=\"wp-image-2762\"\/><\/figure>\n<\/div>\n<\/div>\n\n\n\n<div class=\"wp-block-columns d-block d-sm-none is-layout-flex wp-container-core-columns-is-layout-9d6595d7 wp-block-columns-is-layout-flex\">\n<div class=\"wp-block-column is-vertically-aligned-center is-layout-flow wp-block-column-is-layout-flow\" style=\"flex-basis:20%\">\n<figure class=\"wp-block-image size-large\"><img loading=\"lazy\" decoding=\"async\" width=\"671\" height=\"517\" src=\"https:\/\/webrandizer.com\/tr\/wp-content\/uploads\/sites\/2\/2024\/10\/sosyal-medya-ileri-seviye-reklam-yonetimi.svg\" alt=\"\" class=\"wp-image-2762\"\/><\/figure>\n<\/div>\n\n\n\n<div class=\"wp-block-column is-vertically-aligned-center is-layout-flow wp-block-column-is-layout-flow\" style=\"flex-basis:80%\">\n<h3 class=\"wp-block-heading has-text-align-center baslikcan\" style=\"font-size:24px\"><strong>\u0130leri Seviye Reklam Y\u00f6netimi<\/strong><\/h3>\n\n\n\n<p class=\"has-text-align-center\">Sosyal medya reklamlar\u0131, do\u011fru kurguland\u0131\u011f\u0131nda markan\u0131z\u0131 geni\u015f kitlelere tan\u0131tmak i\u00e7in etkili bir ara\u00e7t\u0131r. Webrandizer&#8217;\u0131n profesyonel ekibi, sosyal medya reklamlar\u0131n\u0131z i\u00e7in hedef kitle belirleme, b\u00fct\u00e7e optimizasyonu, A\/B testleri ve reklam performans analizleri gibi karma\u015f\u0131k s\u00fcre\u00e7leri y\u00f6netir. Bu sayede, reklam kampanyalar\u0131n\u0131z\u0131n d\u00f6n\u00fc\u015f\u00fcm oran\u0131 y\u00fckselir ve pazarlama b\u00fct\u00e7eniz daha verimli kullan\u0131l\u0131r.<\/p>\n<\/div>\n<\/div>\n\n\n\n<div class=\"wp-block-columns has-background is-layout-flex wp-container-core-columns-is-layout-9d6595d7 wp-block-columns-is-layout-flex\" style=\"background-color:#f6f6f6\">\n<div class=\"wp-block-column is-vertically-aligned-center is-layout-flow wp-block-column-is-layout-flow\" style=\"flex-basis:20%\">\n<figure class=\"wp-block-image size-large\"><img loading=\"lazy\" decoding=\"async\" width=\"995\" height=\"697\" src=\"https:\/\/webrandizer.com\/tr\/wp-content\/uploads\/sites\/2\/2024\/10\/sosyal-medya-analiz-ve-raporlama.svg\" alt=\"Werbandizer'\u0131n sosyal medya ekibi, sosyal medya hesaplar\u0131n\u0131z\u0131n performans analizlerini detayl\u0131 bir \u015fekilde yaparak elde edilen verilerle stratejik kararlar al\u0131r. \" class=\"wp-image-2760\"\/><\/figure>\n<\/div>\n\n\n\n<div class=\"wp-block-column is-vertically-aligned-center is-layout-flow wp-block-column-is-layout-flow\" style=\"flex-basis:80%\">\n<h3 class=\"wp-block-heading has-text-align-center baslikcan\" style=\"font-size:24px\"><strong>Veriye Dayal\u0131 Karar Alma ve Raporlama<\/strong><\/h3>\n\n\n\n<p class=\"has-text-align-center\">Werbandizer&#8217;\u0131n sosyal medya ekibi, sosyal medya hesaplar\u0131n\u0131z\u0131n performans analizlerini detayl\u0131 bir \u015fekilde yaparak elde edilen verilerle stratejik kararlar al\u0131r. Analizler, hangi i\u00e7eriklerin daha fazla etkile\u015fim ald\u0131\u011f\u0131n\u0131, hangi kampanyalar\u0131n ba\u015far\u0131l\u0131 oldu\u011funu ortaya koyar ve gelecekteki i\u00e7eriklerin ve kampanyalar\u0131n ba\u015far\u0131s\u0131n\u0131 art\u0131rmak i\u00e7in kullan\u0131l\u0131r. D\u00fczenli raporlamalar, yap\u0131lan \u00e7al\u0131\u015fmalar\u0131n etkisini net bir \u015fekilde g\u00f6rmenizi sa\u011flar.<\/p>\n<\/div>\n<\/div>\n\n\n\n<div class=\"wp-block-columns d-none d-sm-flex is-layout-flex wp-container-core-columns-is-layout-9d6595d7 wp-block-columns-is-layout-flex\">\n<div class=\"wp-block-column is-vertically-aligned-center is-layout-flow wp-block-column-is-layout-flow\" style=\"flex-basis:80%\">\n<h3 class=\"wp-block-heading has-text-align-center baslikcan\" style=\"font-size:24px\"><strong>Zaman Tasarrufu ve Daha Fazla Odaklanma<\/strong><\/h3>\n\n\n\n<p class=\"has-text-align-center\">Profesyonel sosyal medya y\u00f6netimi, size markan\u0131z\u0131 geli\u015ftirmeniz i\u00e7in zaman kazand\u0131r\u0131r. T\u00fcm i\u00e7erik planlama, payla\u015f\u0131m, analiz ve etkile\u015fim s\u00fcre\u00e7leri Webrandizer taraf\u0131ndan y\u00f6netilirken, siz de markan\u0131z\u0131n di\u011fer kritik operasyonlar\u0131na daha fazla odaklanabilirsiniz. B\u00f6ylece, sosyal medyan\u0131n karma\u015f\u0131kl\u0131\u011f\u0131yla u\u011fra\u015fmak yerine, i\u015finizin di\u011fer alanlar\u0131na enerji harcayabilirsiniz.<\/p>\n<\/div>\n\n\n\n<div class=\"wp-block-column is-vertically-aligned-center is-layout-flow wp-block-column-is-layout-flow\" style=\"flex-basis:20%\">\n<figure class=\"wp-block-image size-large\"><img loading=\"lazy\" decoding=\"async\" width=\"675\" height=\"631\" src=\"https:\/\/webrandizer.com\/tr\/wp-content\/uploads\/sites\/2\/2024\/10\/sosyal-medya-yonetimi-zaman-tasarrufu.svg\" alt=\"Profesyonel sosyal medya y\u00f6netimi, size markan\u0131z\u0131 geli\u015ftirmeniz i\u00e7in zaman kazand\u0131r\u0131r. T\u00fcm i\u00e7erik planlama, payla\u015f\u0131m, analiz ve etkile\u015fim s\u00fcre\u00e7leri Webrandizer taraf\u0131ndan y\u00f6netilirken, siz de markan\u0131z\u0131n di\u011fer kritik operasyonlar\u0131na daha fazla odaklanabilirsiniz.\" class=\"wp-image-2761\"\/><\/figure>\n<\/div>\n<\/div>\n\n\n\n<div class=\"wp-block-columns d-block d-sm-none is-layout-flex wp-container-core-columns-is-layout-9d6595d7 wp-block-columns-is-layout-flex\">\n<div class=\"wp-block-column is-vertically-aligned-center is-layout-flow wp-block-column-is-layout-flow\" style=\"flex-basis:20%\">\n<figure class=\"wp-block-image size-large\"><img loading=\"lazy\" decoding=\"async\" width=\"675\" height=\"631\" src=\"https:\/\/webrandizer.com\/tr\/wp-content\/uploads\/sites\/2\/2024\/10\/sosyal-medya-yonetimi-zaman-tasarrufu.svg\" alt=\"Profesyonel sosyal medya y\u00f6netimi, size markan\u0131z\u0131 geli\u015ftirmeniz i\u00e7in zaman kazand\u0131r\u0131r. T\u00fcm i\u00e7erik planlama, payla\u015f\u0131m, analiz ve etkile\u015fim s\u00fcre\u00e7leri Webrandizer taraf\u0131ndan y\u00f6netilirken, siz de markan\u0131z\u0131n di\u011fer kritik operasyonlar\u0131na daha fazla odaklanabilirsiniz.\" class=\"wp-image-2761\"\/><\/figure>\n<\/div>\n\n\n\n<div class=\"wp-block-column is-vertically-aligned-center is-layout-flow wp-block-column-is-layout-flow\" style=\"flex-basis:80%\">\n<h3 class=\"wp-block-heading has-text-align-center baslikcan\" style=\"font-size:24px\"><strong>Zaman Tasarrufu ve Daha Fazla Odaklanma<\/strong><\/h3>\n\n\n\n<p class=\"has-text-align-center\">Profesyonel sosyal medya y\u00f6netimi, size markan\u0131z\u0131 geli\u015ftirmeniz i\u00e7in zaman kazand\u0131r\u0131r. T\u00fcm i\u00e7erik planlama, payla\u015f\u0131m, analiz ve etkile\u015fim s\u00fcre\u00e7leri Webrandizer taraf\u0131ndan y\u00f6netilirken, siz de markan\u0131z\u0131n di\u011fer kritik operasyonlar\u0131na daha fazla odaklanabilirsiniz. B\u00f6ylece, sosyal medyan\u0131n karma\u015f\u0131kl\u0131\u011f\u0131yla u\u011fra\u015fmak yerine, i\u015finizin di\u011fer alanlar\u0131na enerji harcayabilirsiniz.<\/p>\n<\/div>\n<\/div>\n<\/div>\n<\/div>\n\n\n\n<div class=\"wp-block-group p-4 has-white-color has-text-color\"><div class=\"wp-block-group__inner-container is-layout-constrained wp-block-group-is-layout-constrained\">\n<div class=\"wp-block-columns are-vertically-aligned-center has-background is-layout-flex wp-container-core-columns-is-layout-9d6595d7 wp-block-columns-is-layout-flex\" style=\"background-color:#dc3545\">\n<div class=\"wp-block-column is-vertically-aligned-center bg-white p-4 text-dark is-layout-flow wp-block-column-is-layout-flow\" style=\"flex-basis:33.33%\">\n<figure class=\"wp-block-image size-large bg-white\"><img decoding=\"async\" src=\"https:\/\/webrandizer.com\/tr\/wp-content\/uploads\/sites\/2\/2024\/10\/profesyonel-sosyal-medya-yonetimi.svg\" alt=\"\" class=\"wp-image-2782\"\/><\/figure>\n\n\n\n<p class=\"has-text-align-center has-black-color has-text-color has-link-color has-small-font-size wp-elements-9d84967f00fa180d304b43f34e81e9b1\"><a href=\"https:\/\/webrandizer.com\/tr\/blog\/\">Webrandizer Blog<\/a>&#8216;da markan\u0131z\u0131n sosyal medya hesab\u0131n\u0131 do\u011fru y\u00f6netmek i\u00e7in atabilece\u011finiz ilk ad\u0131mlara dair \u00e7e\u015fitli bilgiler bulabilirsiniz.<\/p>\n<\/div>\n\n\n\n<div class=\"wp-block-column is-vertically-aligned-center is-layout-flow wp-block-column-is-layout-flow\" style=\"flex-basis:66.66%\">\n<h2 class=\"wp-block-heading has-text-align-center\">Etkili Bir Sosyal Medya Y\u00f6netimi Nas\u0131l Yap\u0131l\u0131r?<\/h2>\n\n\n\n<hr class=\"wp-block-separator has-text-color has-white-color has-alpha-channel-opacity has-white-background-color has-background is-style-wide\"\/>\n\n\n\n<div style=\"height:10px\" aria-hidden=\"true\" class=\"wp-block-spacer\"><\/div>\n\n\n\n<p class=\"has-text-align-center\" style=\"font-size:18px\">Etkili bir sosyal medya y\u00f6netimi, markan\u0131z\u0131n \u00e7evrimi\u00e7i d\u00fcnyada \u00f6ne \u00e7\u0131kmas\u0131n\u0131 sa\u011flamak i\u00e7in gerekli stratejik ad\u0131mlar\u0131n baz\u0131lar\u0131n\u0131 i\u00e7ermelidir. \u00d6ncelikle, hedef kitlenizi ve bu kitlenin hangi sosyal medya platformlar\u0131n\u0131 kulland\u0131\u011f\u0131n\u0131 belirleyerek do\u011fru strateji olu\u015fturulmal\u0131d\u0131r. Her platform i\u00e7in uygun i\u00e7erikler \u00fcretmek, yarat\u0131c\u0131 g\u00f6rseller, ilgi \u00e7ekici videolar ve d\u00fczenli g\u00f6nderiler olu\u015fturmak \u00f6nemlidir. <\/p>\n\n\n\n<p class=\"has-text-align-center\" style=\"font-size:18px\">Sosyal meyadaki reklam kampanyalar\u0131n\u0131z ise hedef kitlenize ula\u015fman\u0131z\u0131 sa\u011flayacak \u015fekilde optimize edilmelidir. Performans analizleri yaparak, sonu\u00e7lara g\u00f6re strateji d\u00fczenli olarak g\u00fcncellenmeli ve hedefler do\u011frultusunda uyarlanmal\u0131d\u0131r.<\/p>\n<\/div>\n<\/div>\n<\/div><\/div>\n\n\n\n<div style=\"height:20px\" aria-hidden=\"true\" class=\"wp-block-spacer\"><\/div>\n\n\n\n<h2 class=\"wp-block-heading has-text-align-center\">Bize Ula\u015f\u0131n, Sosyal A\u011flardaki <br>Hesaplar\u0131n\u0131z\u0131 Profesyonelce Y\u00f6netelim<\/h2>\n\n\n\n<div style=\"height:10px\" aria-hidden=\"true\" class=\"wp-block-spacer\"><\/div>\n\n\n\n<p class=\"has-text-align-center has-medium-font-size\">\u0130htiya\u00e7 duydu\u011funuz profesyonel sosyal medya y\u00f6netimine dair \u00f6zel bir teklif almak i\u00e7in, a\u015fa\u011f\u0131daki ileti\u015fim formunu doldurarak bizimle ileti\u015fime ge\u00e7ebilirsiniz. B\u0131rakt\u0131\u011f\u0131n\u0131z ileti\u015fim adreslerinden size k\u0131sa zamanda ula\u015f\u0131p detayl\u0131 bilgi isteyecek, de\u011ferlendirecek ve size \u00f6zel benzersiz bir sunumla teklifimizi taraf\u0131n\u0131za iletece\u011fiz.<\/p>\n\n\n\n<div style=\"height:10px\" aria-hidden=\"true\" class=\"wp-block-spacer\"><\/div>\n\n\n\n<hr class=\"wp-block-separator has-css-opacity is-style-default\"\/>\n\n\n\n<div style=\"height:30px\" aria-hidden=\"true\" class=\"wp-block-spacer\"><\/div>\n\n\n\n<div class=\"wp-block-columns is-layout-flex wp-container-core-columns-is-layout-9d6595d7 wp-block-columns-is-layout-flex\">\n<div class=\"wp-block-column is-layout-flow wp-block-column-is-layout-flow\">\n<figure class=\"wp-block-image size-full\"><img decoding=\"async\" src=\"https:\/\/webrandizer.com\/tr\/wp-content\/uploads\/sites\/2\/2024\/10\/sosyal-medya-yonetimi-teklif-al.svg\" alt=\"\u0130htiya\u00e7 duydu\u011funuz profesyonel sosyal medya y\u00f6netimine dair \u00f6zel bir teklif almak i\u00e7in, a\u015fa\u011f\u0131daki ileti\u015fim formunu doldurarak bizimle ileti\u015fime ge\u00e7ebilirsiniz.\" class=\"wp-image-2770\"\/><\/figure>\n<\/div>\n\n\n\n<div class=\"wp-block-column is-layout-flow wp-block-column-is-layout-flow\">\n<div class=\"wp-block-contact-form-7-contact-form-selector\">\n<div class=\"wpcf7 no-js\" id=\"wpcf7-f865-o1\" lang=\"tr-TR\" dir=\"ltr\" data-wpcf7-id=\"865\">\n<div class=\"screen-reader-response\"><p role=\"status\" aria-live=\"polite\" aria-atomic=\"true\"><\/p> <ul><\/ul><\/div>\n<form action=\"\/tr\/wp-json\/wp\/v2\/pages\/679#wpcf7-f865-o1\" method=\"post\" class=\"wpcf7-form init\" aria-label=\"\u0130leti\u015fim Formu\" novalidate=\"novalidate\" data-status=\"init\">\n<fieldset class=\"hidden-fields-container\"><input type=\"hidden\" name=\"_wpcf7\" value=\"865\" \/><input type=\"hidden\" name=\"_wpcf7_version\" value=\"6.1.5\" \/><input type=\"hidden\" name=\"_wpcf7_locale\" value=\"tr_TR\" \/><input type=\"hidden\" name=\"_wpcf7_unit_tag\" value=\"wpcf7-f865-o1\" \/><input type=\"hidden\" name=\"_wpcf7_container_post\" value=\"0\" \/><input type=\"hidden\" name=\"_wpcf7_posted_data_hash\" value=\"\" \/>\n<\/fieldset>\n<p><label><br \/>\n<span class=\"wpcf7-form-control-wrap\" data-name=\"your-name\"><input size=\"40\" maxlength=\"400\" class=\"wpcf7-form-control wpcf7-text wpcf7-validates-as-required\" aria-required=\"true\" aria-invalid=\"false\" placeholder=\"Ad\u0131n\u0131z-Soyad\u0131n\u0131z\" value=\"\" type=\"text\" name=\"your-name\" \/><\/span> <\/label>\n<\/p>\n<p><label><br \/>\n<span class=\"wpcf7-form-control-wrap\" data-name=\"text-206\"><input size=\"40\" maxlength=\"400\" class=\"wpcf7-form-control wpcf7-text\" aria-invalid=\"false\" placeholder=\"Firman\u0131z\" value=\"\" type=\"text\" name=\"text-206\" \/><\/span><\/label>\n<\/p>\n<p><label><br \/>\n<span class=\"wpcf7-form-control-wrap\" data-name=\"your-email\"><input size=\"40\" maxlength=\"400\" class=\"wpcf7-form-control wpcf7-email wpcf7-validates-as-required wpcf7-text wpcf7-validates-as-email\" aria-required=\"true\" aria-invalid=\"false\" placeholder=\"E-Posta Adresiniz\" value=\"\" type=\"email\" name=\"your-email\" \/><\/span> <\/label>\n<\/p>\n<p><label><br \/>\n<span class=\"wpcf7-form-control-wrap\" data-name=\"tel-552\"><input size=\"40\" maxlength=\"400\" class=\"wpcf7-form-control wpcf7-tel wpcf7-validates-as-required wpcf7-text wpcf7-validates-as-tel\" aria-required=\"true\" aria-invalid=\"false\" placeholder=\"Telefon Numaran\u0131z\" value=\"\" type=\"tel\" name=\"tel-552\" \/><\/span><\/label>\n<\/p>\n<p><label><br \/>\n<span class=\"wpcf7-form-control-wrap\" data-name=\"your-subject\"><input size=\"40\" maxlength=\"400\" class=\"wpcf7-form-control wpcf7-text wpcf7-validates-as-required\" aria-required=\"true\" aria-invalid=\"false\" placeholder=\"Konu\" value=\"\" type=\"text\" name=\"your-subject\" \/><\/span> <\/label>\n<\/p>\n<p><label><br \/>\n<span class=\"wpcf7-form-control-wrap\" data-name=\"your-message\"><textarea cols=\"40\" rows=\"10\" maxlength=\"2000\" class=\"wpcf7-form-control wpcf7-textarea\" aria-invalid=\"false\" placeholder=\"\u0130letiniz\" name=\"your-message\"><\/textarea><\/span> <\/label>\n<\/p>\n<p><input class=\"wpcf7-form-control wpcf7-submit has-spinner\" type=\"submit\" value=\"G\u00f6nder\" \/>\n<\/p><div class=\"wpcf7-response-output\" aria-hidden=\"true\"><\/div>\n<\/form>\n<\/div>\n<\/div>\n<\/div>\n<\/div>\n\n\n\n<hr class=\"wp-block-separator has-css-opacity is-style-default p-4\"\/>\n","protected":false},"excerpt":{"rendered":"<p>Profesyonel Sosyal Medya Y\u00f6netimi Neden Gereklidir? Sosyal medya y\u00f6netimi, dijital \u00e7a\u011fda markalar\u0131n \u00e7evrimi\u00e7i g\u00f6r\u00fcn\u00fcrl\u00fc\u011f\u00fcn\u00fc art\u0131rmak, m\u00fc\u015fteri sadakati olu\u015fturmak ve hedef kitleye etkin bir \u015fekilde ula\u015fmak i\u00e7in kritik bir \u00f6neme sahiptir. Sosyal medya hesaplar\u0131n\u0131z, profesyonel hesap y\u00f6neticilerinin elinde, do\u011fru stratejilerle y\u00f6netildi\u011finde, markan\u0131z\u0131n bilinirli\u011fini art\u0131r\u0131r, kullan\u0131c\u0131larla do\u011frudan etkile\u015fim kurman\u0131za olanak tan\u0131r ve sad\u0131k bir m\u00fc\u015fteri taban\u0131 olu\u015fturman\u0131za [&hellip;]<\/p>\n","protected":false},"author":1,"featured_media":2794,"parent":236,"menu_order":0,"comment_status":"closed","ping_status":"closed","template":"","meta":{"inline_featured_image":false,"footnotes":""},"class_list":["post-679","page","type-page","status-publish","has-post-thumbnail","hentry"],"yoast_head":"<!-- This site is optimized with the Yoast SEO plugin v27.4 - https:\/\/yoast.com\/product\/yoast-seo-wordpress\/ -->\n<title>Sosyal Medya Y\u00f6netimi &#8211; Webrandizer<\/title>\n<meta name=\"description\" content=\"Sosyal medya y\u00f6netimini profesyonellere b\u0131rak\u0131n, kitlenizle daha iyi etkile\u015fim sa\u011flayal\u0131m ve markan\u0131z\u0131 internette daha g\u00f6r\u00fcn\u00fcr hale getirelim\" \/>\n<meta name=\"robots\" content=\"index, follow, max-snippet:-1, max-image-preview:large, max-video-preview:-1\" \/>\n<link rel=\"canonical\" href=\"https:\/\/webrandizer.com\/tr\/cevrimici-varlik-yonetimi\/sosyal-medya-yonetimi\/\" \/>\n<meta property=\"og:locale\" content=\"tr_TR\" \/>\n<meta property=\"og:type\" content=\"article\" \/>\n<meta property=\"og:title\" content=\"Sosyal Medya Y\u00f6netimi \u2013 Webrandizer\" \/>\n<meta property=\"og:description\" content=\"Sosyal medya hesaplar\u0131n\u0131z\u0131 profesyonellere teslim ederek, kitlenizle daha iyi etkile\u015fim sa\u011flamak, \u00e7evrimi\u00e7i varl\u0131\u011f\u0131n\u0131z\u0131 g\u00fc\u00e7lendirmek ve markan\u0131z\u0131 dijital d\u00fcnyada daha g\u00f6r\u00fcn\u00fcr hale getirmek ister misiniz?\" \/>\n<meta property=\"og:url\" content=\"https:\/\/webrandizer.com\/tr\/cevrimici-varlik-yonetimi\/sosyal-medya-yonetimi\/\" \/>\n<meta property=\"og:site_name\" content=\"Webrandizer TR\" \/>\n<meta property=\"article:publisher\" content=\"https:\/\/facebook.com\/webrandizer\" \/>\n<meta property=\"article:modified_time\" content=\"2024-11-15T04:32:14+00:00\" \/>\n<meta property=\"og:image\" content=\"http:\/\/webrandizer.com\/tr\/wp-content\/uploads\/sites\/2\/2024\/11\/Webrandizer-Sosyal-Medya-Yonetimi.png\" \/>\n\t<meta property=\"og:image:width\" content=\"720\" \/>\n\t<meta property=\"og:image:height\" content=\"377\" \/>\n\t<meta property=\"og:image:type\" content=\"image\/png\" \/>\n<meta name=\"twitter:card\" content=\"summary_large_image\" \/>\n<meta name=\"twitter:title\" content=\"Sosyal Medya Y\u00f6netimi \u2013 Webrandizer\" \/>\n<meta name=\"twitter:description\" content=\"Sosyal medya hesaplar\u0131n\u0131z\u0131 profesyonellere teslim ederek, kitlenizle daha iyi etkile\u015fim sa\u011flamak, \u00e7evrimi\u00e7i varl\u0131\u011f\u0131n\u0131z\u0131 g\u00fc\u00e7lendirmek ve markan\u0131z\u0131 dijital d\u00fcnyada daha g\u00f6r\u00fcn\u00fcr hale getirmek ister misiniz?\" \/>\n<meta name=\"twitter:image\" content=\"https:\/\/i0.wp.com\/webrandizer.com\/tr\/wp-content\/uploads\/sites\/2\/2024\/11\/Webrandizer-Sosyal-Medya-Yonetimi.png?fit=720%2C377&ssl=1\" \/>\n<meta name=\"twitter:site\" content=\"@webrandizer\" \/>\n<meta name=\"twitter:label1\" content=\"Tahmini okuma s\u00fcresi\" \/>\n\t<meta name=\"twitter:data1\" content=\"7 dakika\" \/>\n<script type=\"application\/ld+json\" class=\"yoast-schema-graph\">{\"@context\":\"https:\\\/\\\/schema.org\",\"@graph\":[{\"@type\":\"WebPage\",\"@id\":\"https:\\\/\\\/webrandizer.com\\\/tr\\\/cevrimici-varlik-yonetimi\\\/sosyal-medya-yonetimi\\\/\",\"url\":\"https:\\\/\\\/webrandizer.com\\\/tr\\\/cevrimici-varlik-yonetimi\\\/sosyal-medya-yonetimi\\\/\",\"name\":\"Sosyal Medya Y\u00f6netimi &#8211; Webrandizer\",\"isPartOf\":{\"@id\":\"https:\\\/\\\/webrandizer.com\\\/tr\\\/#website\"},\"primaryImageOfPage\":{\"@id\":\"https:\\\/\\\/webrandizer.com\\\/tr\\\/cevrimici-varlik-yonetimi\\\/sosyal-medya-yonetimi\\\/#primaryimage\"},\"image\":{\"@id\":\"https:\\\/\\\/webrandizer.com\\\/tr\\\/cevrimici-varlik-yonetimi\\\/sosyal-medya-yonetimi\\\/#primaryimage\"},\"thumbnailUrl\":\"https:\\\/\\\/i0.wp.com\\\/webrandizer.com\\\/tr\\\/wp-content\\\/uploads\\\/sites\\\/2\\\/2024\\\/11\\\/profesyonelsosyal-medya-yonetimi.png?fit=1000%2C1000&ssl=1\",\"datePublished\":\"2020-12-14T06:42:56+00:00\",\"dateModified\":\"2024-11-15T04:32:14+00:00\",\"description\":\"Sosyal medya y\u00f6netimini profesyonellere b\u0131rak\u0131n, kitlenizle daha iyi etkile\u015fim sa\u011flayal\u0131m ve markan\u0131z\u0131 internette daha g\u00f6r\u00fcn\u00fcr hale getirelim\",\"breadcrumb\":{\"@id\":\"https:\\\/\\\/webrandizer.com\\\/tr\\\/cevrimici-varlik-yonetimi\\\/sosyal-medya-yonetimi\\\/#breadcrumb\"},\"inLanguage\":\"tr\",\"potentialAction\":[{\"@type\":\"ReadAction\",\"target\":[\"https:\\\/\\\/webrandizer.com\\\/tr\\\/cevrimici-varlik-yonetimi\\\/sosyal-medya-yonetimi\\\/\"]}]},{\"@type\":\"ImageObject\",\"inLanguage\":\"tr\",\"@id\":\"https:\\\/\\\/webrandizer.com\\\/tr\\\/cevrimici-varlik-yonetimi\\\/sosyal-medya-yonetimi\\\/#primaryimage\",\"url\":\"https:\\\/\\\/i0.wp.com\\\/webrandizer.com\\\/tr\\\/wp-content\\\/uploads\\\/sites\\\/2\\\/2024\\\/11\\\/profesyonelsosyal-medya-yonetimi.png?fit=1000%2C1000&ssl=1\",\"contentUrl\":\"https:\\\/\\\/i0.wp.com\\\/webrandizer.com\\\/tr\\\/wp-content\\\/uploads\\\/sites\\\/2\\\/2024\\\/11\\\/profesyonelsosyal-medya-yonetimi.png?fit=1000%2C1000&ssl=1\",\"width\":1000,\"height\":1000,\"caption\":\"Sosyal medya hesaplar\u0131n\u0131z, profesyonel hesap y\u00f6neticilerinin elinde, do\u011fru stratejilerle y\u00f6netildi\u011finde, markan\u0131z\u0131n bilinirli\u011fini art\u0131r\u0131r, kullan\u0131c\u0131larla do\u011frudan etkile\u015fim kurman\u0131za olanak tan\u0131r ve sad\u0131k bir m\u00fc\u015fteri taban\u0131 olu\u015fturman\u0131za yard\u0131mc\u0131 olur.\"},{\"@type\":\"BreadcrumbList\",\"@id\":\"https:\\\/\\\/webrandizer.com\\\/tr\\\/cevrimici-varlik-yonetimi\\\/sosyal-medya-yonetimi\\\/#breadcrumb\",\"itemListElement\":[{\"@type\":\"ListItem\",\"position\":1,\"name\":\"Webrandizer\",\"item\":\"https:\\\/\\\/webrandizer.com\\\/tr\\\/\"},{\"@type\":\"ListItem\",\"position\":2,\"name\":\"\u00c7evrimi\u00e7i Varl\u0131k Y\u00f6netimi\",\"item\":\"https:\\\/\\\/webrandizer.com\\\/tr\\\/cevrimici-varlik-yonetimi\\\/\"},{\"@type\":\"ListItem\",\"position\":3,\"name\":\"Sosyal Medya Y\u00f6netimi\"}]},{\"@type\":\"WebSite\",\"@id\":\"https:\\\/\\\/webrandizer.com\\\/tr\\\/#website\",\"url\":\"https:\\\/\\\/webrandizer.com\\\/tr\\\/\",\"name\":\"Webrandizer\",\"description\":\"\u0130\u015finizi \u0130nternete Ta\u015f\u0131y\u0131n\",\"publisher\":{\"@id\":\"https:\\\/\\\/webrandizer.com\\\/tr\\\/#organization\"},\"alternateName\":\"Webrandizer\",\"potentialAction\":[{\"@type\":\"SearchAction\",\"target\":{\"@type\":\"EntryPoint\",\"urlTemplate\":\"https:\\\/\\\/webrandizer.com\\\/tr\\\/?s={search_term_string}\"},\"query-input\":{\"@type\":\"PropertyValueSpecification\",\"valueRequired\":true,\"valueName\":\"search_term_string\"}}],\"inLanguage\":\"tr\"},{\"@type\":\"Organization\",\"@id\":\"https:\\\/\\\/webrandizer.com\\\/tr\\\/#organization\",\"name\":\"Webrandizer\",\"alternateName\":\"Webrandizer\",\"url\":\"https:\\\/\\\/webrandizer.com\\\/tr\\\/\",\"logo\":{\"@type\":\"ImageObject\",\"inLanguage\":\"tr\",\"@id\":\"https:\\\/\\\/webrandizer.com\\\/tr\\\/#\\\/schema\\\/logo\\\/image\\\/\",\"url\":\"https:\\\/\\\/webrandizer.com\\\/tr\\\/wp-content\\\/uploads\\\/sites\\\/2\\\/2021\\\/02\\\/webrandizer.svg\",\"contentUrl\":\"https:\\\/\\\/webrandizer.com\\\/tr\\\/wp-content\\\/uploads\\\/sites\\\/2\\\/2021\\\/02\\\/webrandizer.svg\",\"width\":\"1024\",\"height\":\"1024\",\"caption\":\"Webrandizer\"},\"image\":{\"@id\":\"https:\\\/\\\/webrandizer.com\\\/tr\\\/#\\\/schema\\\/logo\\\/image\\\/\"},\"sameAs\":[\"https:\\\/\\\/facebook.com\\\/webrandizer\",\"https:\\\/\\\/x.com\\\/webrandizer\",\"https:\\\/\\\/instagram.com\\\/webrandizer\",\"https:\\\/\\\/www.linkedin.com\\\/company\\\/webrandizer\\\/\",\"https:\\\/\\\/www.pinterest.com\\\/webrandizer\\\/\",\"https:\\\/\\\/www.youtube.com\\\/channel\\\/UCINH9gD6NyDa4iNUofNqhTQ\",\"https:\\\/\\\/tr.wikipedia.org\\\/wiki\\\/Webrandizer\"]}]}<\/script>\n<!-- \/ Yoast SEO plugin. -->","yoast_head_json":{"title":"Sosyal Medya Y\u00f6netimi &#8211; Webrandizer","description":"Sosyal medya y\u00f6netimini profesyonellere b\u0131rak\u0131n, kitlenizle daha iyi etkile\u015fim sa\u011flayal\u0131m ve markan\u0131z\u0131 internette daha g\u00f6r\u00fcn\u00fcr hale getirelim","robots":{"index":"index","follow":"follow","max-snippet":"max-snippet:-1","max-image-preview":"max-image-preview:large","max-video-preview":"max-video-preview:-1"},"canonical":"https:\/\/webrandizer.com\/tr\/cevrimici-varlik-yonetimi\/sosyal-medya-yonetimi\/","og_locale":"tr_TR","og_type":"article","og_title":"Sosyal Medya Y\u00f6netimi \u2013 Webrandizer","og_description":"Sosyal medya hesaplar\u0131n\u0131z\u0131 profesyonellere teslim ederek, kitlenizle daha iyi etkile\u015fim sa\u011flamak, \u00e7evrimi\u00e7i varl\u0131\u011f\u0131n\u0131z\u0131 g\u00fc\u00e7lendirmek ve markan\u0131z\u0131 dijital d\u00fcnyada daha g\u00f6r\u00fcn\u00fcr hale getirmek ister misiniz?","og_url":"https:\/\/webrandizer.com\/tr\/cevrimici-varlik-yonetimi\/sosyal-medya-yonetimi\/","og_site_name":"Webrandizer TR","article_publisher":"https:\/\/facebook.com\/webrandizer","article_modified_time":"2024-11-15T04:32:14+00:00","og_image":[{"width":720,"height":377,"url":"http:\/\/webrandizer.com\/tr\/wp-content\/uploads\/sites\/2\/2024\/11\/Webrandizer-Sosyal-Medya-Yonetimi.png","type":"image\/png"}],"twitter_card":"summary_large_image","twitter_title":"Sosyal Medya Y\u00f6netimi \u2013 Webrandizer","twitter_description":"Sosyal medya hesaplar\u0131n\u0131z\u0131 profesyonellere teslim ederek, kitlenizle daha iyi etkile\u015fim sa\u011flamak, \u00e7evrimi\u00e7i varl\u0131\u011f\u0131n\u0131z\u0131 g\u00fc\u00e7lendirmek ve markan\u0131z\u0131 dijital d\u00fcnyada daha g\u00f6r\u00fcn\u00fcr hale getirmek ister misiniz?","twitter_image":"https:\/\/i0.wp.com\/webrandizer.com\/tr\/wp-content\/uploads\/sites\/2\/2024\/11\/Webrandizer-Sosyal-Medya-Yonetimi.png?fit=720%2C377&ssl=1","twitter_site":"@webrandizer","twitter_misc":{"Tahmini okuma s\u00fcresi":"7 dakika"},"schema":{"@context":"https:\/\/schema.org","@graph":[{"@type":"WebPage","@id":"https:\/\/webrandizer.com\/tr\/cevrimici-varlik-yonetimi\/sosyal-medya-yonetimi\/","url":"https:\/\/webrandizer.com\/tr\/cevrimici-varlik-yonetimi\/sosyal-medya-yonetimi\/","name":"Sosyal Medya Y\u00f6netimi &#8211; Webrandizer","isPartOf":{"@id":"https:\/\/webrandizer.com\/tr\/#website"},"primaryImageOfPage":{"@id":"https:\/\/webrandizer.com\/tr\/cevrimici-varlik-yonetimi\/sosyal-medya-yonetimi\/#primaryimage"},"image":{"@id":"https:\/\/webrandizer.com\/tr\/cevrimici-varlik-yonetimi\/sosyal-medya-yonetimi\/#primaryimage"},"thumbnailUrl":"https:\/\/i0.wp.com\/webrandizer.com\/tr\/wp-content\/uploads\/sites\/2\/2024\/11\/profesyonelsosyal-medya-yonetimi.png?fit=1000%2C1000&ssl=1","datePublished":"2020-12-14T06:42:56+00:00","dateModified":"2024-11-15T04:32:14+00:00","description":"Sosyal medya y\u00f6netimini profesyonellere b\u0131rak\u0131n, kitlenizle daha iyi etkile\u015fim sa\u011flayal\u0131m ve markan\u0131z\u0131 internette daha g\u00f6r\u00fcn\u00fcr hale getirelim","breadcrumb":{"@id":"https:\/\/webrandizer.com\/tr\/cevrimici-varlik-yonetimi\/sosyal-medya-yonetimi\/#breadcrumb"},"inLanguage":"tr","potentialAction":[{"@type":"ReadAction","target":["https:\/\/webrandizer.com\/tr\/cevrimici-varlik-yonetimi\/sosyal-medya-yonetimi\/"]}]},{"@type":"ImageObject","inLanguage":"tr","@id":"https:\/\/webrandizer.com\/tr\/cevrimici-varlik-yonetimi\/sosyal-medya-yonetimi\/#primaryimage","url":"https:\/\/i0.wp.com\/webrandizer.com\/tr\/wp-content\/uploads\/sites\/2\/2024\/11\/profesyonelsosyal-medya-yonetimi.png?fit=1000%2C1000&ssl=1","contentUrl":"https:\/\/i0.wp.com\/webrandizer.com\/tr\/wp-content\/uploads\/sites\/2\/2024\/11\/profesyonelsosyal-medya-yonetimi.png?fit=1000%2C1000&ssl=1","width":1000,"height":1000,"caption":"Sosyal medya hesaplar\u0131n\u0131z, profesyonel hesap y\u00f6neticilerinin elinde, do\u011fru stratejilerle y\u00f6netildi\u011finde, markan\u0131z\u0131n bilinirli\u011fini art\u0131r\u0131r, kullan\u0131c\u0131larla do\u011frudan etkile\u015fim kurman\u0131za olanak tan\u0131r ve sad\u0131k bir m\u00fc\u015fteri taban\u0131 olu\u015fturman\u0131za yard\u0131mc\u0131 olur."},{"@type":"BreadcrumbList","@id":"https:\/\/webrandizer.com\/tr\/cevrimici-varlik-yonetimi\/sosyal-medya-yonetimi\/#breadcrumb","itemListElement":[{"@type":"ListItem","position":1,"name":"Webrandizer","item":"https:\/\/webrandizer.com\/tr\/"},{"@type":"ListItem","position":2,"name":"\u00c7evrimi\u00e7i Varl\u0131k Y\u00f6netimi","item":"https:\/\/webrandizer.com\/tr\/cevrimici-varlik-yonetimi\/"},{"@type":"ListItem","position":3,"name":"Sosyal Medya Y\u00f6netimi"}]},{"@type":"WebSite","@id":"https:\/\/webrandizer.com\/tr\/#website","url":"https:\/\/webrandizer.com\/tr\/","name":"Webrandizer","description":"\u0130\u015finizi \u0130nternete Ta\u015f\u0131y\u0131n","publisher":{"@id":"https:\/\/webrandizer.com\/tr\/#organization"},"alternateName":"Webrandizer","potentialAction":[{"@type":"SearchAction","target":{"@type":"EntryPoint","urlTemplate":"https:\/\/webrandizer.com\/tr\/?s={search_term_string}"},"query-input":{"@type":"PropertyValueSpecification","valueRequired":true,"valueName":"search_term_string"}}],"inLanguage":"tr"},{"@type":"Organization","@id":"https:\/\/webrandizer.com\/tr\/#organization","name":"Webrandizer","alternateName":"Webrandizer","url":"https:\/\/webrandizer.com\/tr\/","logo":{"@type":"ImageObject","inLanguage":"tr","@id":"https:\/\/webrandizer.com\/tr\/#\/schema\/logo\/image\/","url":"https:\/\/webrandizer.com\/tr\/wp-content\/uploads\/sites\/2\/2021\/02\/webrandizer.svg","contentUrl":"https:\/\/webrandizer.com\/tr\/wp-content\/uploads\/sites\/2\/2021\/02\/webrandizer.svg","width":"1024","height":"1024","caption":"Webrandizer"},"image":{"@id":"https:\/\/webrandizer.com\/tr\/#\/schema\/logo\/image\/"},"sameAs":["https:\/\/facebook.com\/webrandizer","https:\/\/x.com\/webrandizer","https:\/\/instagram.com\/webrandizer","https:\/\/www.linkedin.com\/company\/webrandizer\/","https:\/\/www.pinterest.com\/webrandizer\/","https:\/\/www.youtube.com\/channel\/UCINH9gD6NyDa4iNUofNqhTQ","https:\/\/tr.wikipedia.org\/wiki\/Webrandizer"]}]}},"jetpack_sharing_enabled":true,"_links":{"self":[{"href":"https:\/\/webrandizer.com\/tr\/wp-json\/wp\/v2\/pages\/679","targetHints":{"allow":["GET"]}}],"collection":[{"href":"https:\/\/webrandizer.com\/tr\/wp-json\/wp\/v2\/pages"}],"about":[{"href":"https:\/\/webrandizer.com\/tr\/wp-json\/wp\/v2\/types\/page"}],"author":[{"embeddable":true,"href":"https:\/\/webrandizer.com\/tr\/wp-json\/wp\/v2\/users\/1"}],"replies":[{"embeddable":true,"href":"https:\/\/webrandizer.com\/tr\/wp-json\/wp\/v2\/comments?post=679"}],"version-history":[{"count":20,"href":"https:\/\/webrandizer.com\/tr\/wp-json\/wp\/v2\/pages\/679\/revisions"}],"predecessor-version":[{"id":2791,"href":"https:\/\/webrandizer.com\/tr\/wp-json\/wp\/v2\/pages\/679\/revisions\/2791"}],"up":[{"embeddable":true,"href":"https:\/\/webrandizer.com\/tr\/wp-json\/wp\/v2\/pages\/236"}],"wp:featuredmedia":[{"embeddable":true,"href":"https:\/\/webrandizer.com\/tr\/wp-json\/wp\/v2\/media\/2794"}],"wp:attachment":[{"href":"https:\/\/webrandizer.com\/tr\/wp-json\/wp\/v2\/media?parent=679"}],"curies":[{"name":"wp","href":"https:\/\/api.w.org\/{rel}","templated":true}]}}